{"id":8687,"date":"2025-01-09T16:44:10","date_gmt":"2025-01-09T16:44:10","guid":{"rendered":"https:\/\/www.seiu105.org\/?page_id=8687"},"modified":"2025-01-09T16:44:11","modified_gmt":"2025-01-09T16:44:11","slug":"aflemailes","status":"publish","type":"page","link":"https:\/\/www.seiu105.org\/es\/aflemailes\/","title":{"rendered":"\u00a1GRAN NOTICIA para Nuestra Uni\u00f3n!"},"content":{"rendered":"<p><strong>\u00a1Tenemos un anuncio emocionante! \u00a1Despu\u00e9s de meses de discusiones, nuestro sindicato, el Sindicato Internacional de Empleados de Servicios (SEIU) y todos sus afiliados locales est\u00e1n listos para unirse oficialmente a la AFL-CIO!<\/strong><\/p>\n\n\n\n<p><\/p>\n\n\n\n<p>El <a href=\"https:\/\/aflcio.org\/\">AFL-CIO, la Federaci\u00f3n Estadounidense del Trabajo-Congreso de Organizaciones Industriales<\/a>, es la federaci\u00f3n laboral m\u00e1s grande de Am\u00e9rica del Norte y se ha llegado a un acuerdo para que nuestro sindicato de m\u00e1s de 2 millones de miembros se una a la federaci\u00f3n de 60 sindicatos afiliados y m\u00e1s de 12 millones de compa\u00f1eros sindicales. Despu\u00e9s de que nos separamos de la federaci\u00f3n hace casi 20 a\u00f1os, este nuevo acuerdo y la reunificaci\u00f3n con nuestra familia sindical marca un momento hist\u00f3rico en nuestro movimiento.<\/p>\n\n\n\n<p><\/p>\n\n\n\n<p>Ayer, la presidenta de SEIU, April Verrett, se uni\u00f3 a la presidenta de AFL-CIO, Liz Shuler, en MSNBC para discutir esta reunificaci\u00f3n. <a href=\"https:\/\/www.instagram.com\/reel\/DEm8NcexIhM\/?utm_source=ig_web_copy_link&amp;igsh=MzRlODBiNWFlZA==\">haga clic aqu\u00ed<\/a> o utilice el bot\u00f3n a continuaci\u00f3n para ver la entrevista:<\/p>\n\n\n\n<p><\/p>\n\n\n\n<p><a href=\"https:\/\/www.instagram.com\/reel\/DEm8NcexIhM\/?utm_source=ig_web_copy_link&amp;igsh=MzRlODBiNWFlZA==\">[HAGA CLIC AQU\u00cd PARA VER LA ENTREVISTA]<\/a><\/p>\n\n\n\n<p><\/p>\n\n\n\n<p><strong>Nuestra presidenta de SEIU Local 105, Stephanie Felix-Sowy, emiti\u00f3 la siguiente declaraci\u00f3n:<\/strong><\/p>\n\n\n\n<p><em>\u201cEstoy incre\u00edblemente orgullosa y llena de energ\u00eda por la reunificaci\u00f3n nacional de nuestro sindicato con la AFL-CIO. Aqu\u00ed en Colorado, donde hemos permanecido unidos durante mucho tiempo como una federaci\u00f3n unida, hemos visto de primera mano c\u00f3mo el poder colectivo de las trabajadoras y los trabajadores impulsa el progreso\u2014ya sea aumentando los salarios o estableciendo est\u00e1ndares laborales innovadores, nuestra unidad ha elevado a las familias trabajadoras desde Denver hasta Durango.<\/em><\/p>\n\n\n\n<p><em>Ahora, en este momento hist\u00f3rico, el movimiento sindical en todo Estados Unidos est\u00e1 m\u00e1s unido que nunca. Con la federaci\u00f3n laboral m\u00e1s grande del pa\u00eds creciendo en m\u00e1s de 2 millones de trabajadoras y trabajadores sindicalizados y con el 70% de los estadounidenses apoyando a los sindicatos (la aprobaci\u00f3n m\u00e1s alta en casi seis d\u00e9cadas), nuestra solidaridad nunca ha sido tan poderosa. Juntas, seguiremos desafiando el sistema ama\u00f1ado y a los funcionarios electos que lo mantienen en funcionamiento, ganando victorias transformadoras para las y los trabajadores en todo el pa\u00eds, tal como lo hemos hecho aqu\u00ed en Colorado.<\/em><\/p>\n\n\n\n<p><em>En un momento en que los multimillonarios y los ejecutivos corporativos est\u00e1n trabajando m\u00e1s duro que nunca para dividirnos\u2014y la brecha entre las pocas personas ricas y el resto de nosotras nunca ha sido tan grande\u2014nos estamos levantando para luchar a\u00fan con m\u00e1s fuerza por las familias trabajadoras. En SEIU, sabemos que cuando luchamos, ganamos, y ahora nuestra lucha es m\u00e1s fuerte que nunca.&#8221;<\/em><\/p>\n\n\n\n<p><\/p>\n\n\n\n<p><strong>Est\u00e9n atentos a las actualizaciones sobre esta reunificaci\u00f3n hist\u00f3rica y todas las oportunidades que tendremos en el futuro cercano para traer a casa m\u00e1s victorias para las familias trabajadoras.<\/strong><\/p>\n\n\n\n<p><\/p>\n\n\n\n<p>En solidaridad<\/p>\n\n\n\n<p>SEIU Local 105<\/p>","protected":false},"excerpt":{"rendered":"<p>\u00a1Tenemos un anuncio emocionante! \u00a1Despu\u00e9s de meses de discusiones, nuestro sindicato, el Sindicato Internacional de Empleados de Servicios (SEIU) y todos sus afiliados locales est\u00e1n listos para unirse oficialmente a la AFL-CIO! El AFL-CIO, la Federaci\u00f3n Estadounidense del Trabajo-Congreso de Organizaciones Industriales, es la federaci\u00f3n laboral m\u00e1s grande de Am\u00e9rica del Norte y se ha [&hellip;]<\/p>","protected":false},"author":16,"featured_media":0,"parent":0,"menu_order":0,"comment_status":"closed","ping_status":"closed","template":"","meta":{"_exactmetrics_skip_tracking":false,"_exactmetrics_sitenote_active":false,"_exactmetrics_sitenote_note":"","_exactmetrics_sitenote_category":0,"footnotes":""},"class_list":["post-8687","page","type-page","status-publish","hentry"],"yoast_head":"<!-- This site is optimized with the Yoast SEO plugin v25.2 - https:\/\/yoast.com\/wordpress\/plugins\/seo\/ -->\n<title>\u00a1GRAN NOTICIA para Nuestra Uni\u00f3n! - SEIU Local 105<\/title>\n<meta name=\"robots\" content=\"index, follow, max-snippet:-1, max-image-preview:large, max-video-preview:-1\" \/>\n<link rel=\"canonical\" href=\"https:\/\/www.seiu105.org\/es\/aflemailes\/\" \/>\n<meta property=\"og:locale\" content=\"es_MX\" \/>\n<meta property=\"og:type\" content=\"article\" \/>\n<meta property=\"og:title\" content=\"\u00a1GRAN NOTICIA para Nuestra Uni\u00f3n! - SEIU Local 105\" \/>\n<meta property=\"og:description\" content=\"\u00a1Tenemos un anuncio emocionante! \u00a1Despu\u00e9s de meses de discusiones, nuestro sindicato, el Sindicato Internacional de Empleados de Servicios (SEIU) y todos sus afiliados locales est\u00e1n listos para unirse oficialmente a la AFL-CIO! El AFL-CIO, la Federaci\u00f3n Estadounidense del Trabajo-Congreso de Organizaciones Industriales, es la federaci\u00f3n laboral m\u00e1s grande de Am\u00e9rica del Norte y se ha [&hellip;]\" \/>\n<meta property=\"og:url\" content=\"https:\/\/www.seiu105.org\/es\/aflemailes\/\" \/>\n<meta property=\"og:site_name\" content=\"SEIU Local 105\" \/>\n<meta property=\"article:publisher\" content=\"https:\/\/www.facebook.com\/SEIU105\" \/>\n<meta property=\"article:modified_time\" content=\"2025-01-09T16:44:11+00:00\" \/>\n<meta property=\"og:image\" content=\"https:\/\/www.seiu105.org\/wp-content\/uploads\/2019\/12\/seiu105-fb.jpg\" \/>\n\t<meta property=\"og:image:width\" content=\"2000\" \/>\n\t<meta property=\"og:image:height\" content=\"1500\" \/>\n\t<meta property=\"og:image:type\" content=\"image\/jpeg\" \/>\n<meta name=\"twitter:card\" content=\"summary_large_image\" \/>\n<meta name=\"twitter:site\" content=\"@SEIU105\" \/>\n<meta name=\"twitter:label1\" content=\"Tiempo de lectura\" \/>\n\t<meta name=\"twitter:data1\" content=\"2 minutos\" \/>\n<script type=\"application\/ld+json\" class=\"yoast-schema-graph\">{\"@context\":\"https:\/\/schema.org\",\"@graph\":[{\"@type\":\"WebPage\",\"@id\":\"https:\/\/www.seiu105.org\/aflemailes\/\",\"url\":\"https:\/\/www.seiu105.org\/aflemailes\/\",\"name\":\"\u00a1GRAN NOTICIA para Nuestra Uni\u00f3n! - SEIU Local 105\",\"isPartOf\":{\"@id\":\"https:\/\/live-seiu-local-105.pantheonsite.io\/#website\"},\"datePublished\":\"2025-01-09T16:44:10+00:00\",\"dateModified\":\"2025-01-09T16:44:11+00:00\",\"breadcrumb\":{\"@id\":\"https:\/\/www.seiu105.org\/aflemailes\/#breadcrumb\"},\"inLanguage\":\"es\",\"potentialAction\":[{\"@type\":\"ReadAction\",\"target\":[\"https:\/\/www.seiu105.org\/aflemailes\/\"]}]},{\"@type\":\"BreadcrumbList\",\"@id\":\"https:\/\/www.seiu105.org\/aflemailes\/#breadcrumb\",\"itemListElement\":[{\"@type\":\"ListItem\",\"position\":1,\"name\":\"Home\",\"item\":\"https:\/\/live-seiu-local-105.pantheonsite.io\/\"},{\"@type\":\"ListItem\",\"position\":2,\"name\":\"\u00a1GRAN NOTICIA para Nuestra Uni\u00f3n!\"}]},{\"@type\":\"WebSite\",\"@id\":\"https:\/\/live-seiu-local-105.pantheonsite.io\/#website\",\"url\":\"https:\/\/live-seiu-local-105.pantheonsite.io\/\",\"name\":\"SEIU Local 105\",\"description\":\"\",\"publisher\":{\"@id\":\"https:\/\/live-seiu-local-105.pantheonsite.io\/#organization\"},\"potentialAction\":[{\"@type\":\"SearchAction\",\"target\":{\"@type\":\"EntryPoint\",\"urlTemplate\":\"https:\/\/live-seiu-local-105.pantheonsite.io\/?s={search_term_string}\"},\"query-input\":{\"@type\":\"PropertyValueSpecification\",\"valueRequired\":true,\"valueName\":\"search_term_string\"}}],\"inLanguage\":\"es\"},{\"@type\":\"Organization\",\"@id\":\"https:\/\/live-seiu-local-105.pantheonsite.io\/#organization\",\"name\":\"SEIU Local 105\",\"url\":\"https:\/\/live-seiu-local-105.pantheonsite.io\/\",\"logo\":{\"@type\":\"ImageObject\",\"inLanguage\":\"es\",\"@id\":\"https:\/\/live-seiu-local-105.pantheonsite.io\/#\/schema\/logo\/image\/\",\"url\":\"https:\/\/live-seiu-local-105.pantheonsite.io\/wp-content\/uploads\/2019\/08\/seiu105-logo-box.jpg\",\"contentUrl\":\"https:\/\/live-seiu-local-105.pantheonsite.io\/wp-content\/uploads\/2019\/08\/seiu105-logo-box.jpg\",\"width\":1500,\"height\":1500,\"caption\":\"SEIU Local 105\"},\"image\":{\"@id\":\"https:\/\/live-seiu-local-105.pantheonsite.io\/#\/schema\/logo\/image\/\"},\"sameAs\":[\"https:\/\/www.facebook.com\/SEIU105\",\"https:\/\/x.com\/SEIU105\",\"https:\/\/www.youtube.com\/channel\/UCi4D3lDRABd_KewLDS74_cQ\"]}]}<\/script>\n<!-- \/ Yoast SEO plugin. -->","yoast_head_json":{"title":"\u00a1GRAN NOTICIA para Nuestra Uni\u00f3n! - SEIU Local 105","robots":{"index":"index","follow":"follow","max-snippet":"max-snippet:-1","max-image-preview":"max-image-preview:large","max-video-preview":"max-video-preview:-1"},"canonical":"https:\/\/www.seiu105.org\/es\/aflemailes\/","og_locale":"es_MX","og_type":"article","og_title":"\u00a1GRAN NOTICIA para Nuestra Uni\u00f3n! - SEIU Local 105","og_description":"\u00a1Tenemos un anuncio emocionante! \u00a1Despu\u00e9s de meses de discusiones, nuestro sindicato, el Sindicato Internacional de Empleados de Servicios (SEIU) y todos sus afiliados locales est\u00e1n listos para unirse oficialmente a la AFL-CIO! El AFL-CIO, la Federaci\u00f3n Estadounidense del Trabajo-Congreso de Organizaciones Industriales, es la federaci\u00f3n laboral m\u00e1s grande de Am\u00e9rica del Norte y se ha [&hellip;]","og_url":"https:\/\/www.seiu105.org\/es\/aflemailes\/","og_site_name":"SEIU Local 105","article_publisher":"https:\/\/www.facebook.com\/SEIU105","article_modified_time":"2025-01-09T16:44:11+00:00","og_image":[{"width":2000,"height":1500,"url":"https:\/\/www.seiu105.org\/wp-content\/uploads\/2019\/12\/seiu105-fb.jpg","type":"image\/jpeg"}],"twitter_card":"summary_large_image","twitter_site":"@SEIU105","twitter_misc":{"Tiempo de lectura":"2 minutos"},"schema":{"@context":"https:\/\/schema.org","@graph":[{"@type":"WebPage","@id":"https:\/\/www.seiu105.org\/aflemailes\/","url":"https:\/\/www.seiu105.org\/aflemailes\/","name":"\u00a1GRAN NOTICIA para Nuestra Uni\u00f3n! - SEIU Local 105","isPartOf":{"@id":"https:\/\/live-seiu-local-105.pantheonsite.io\/#website"},"datePublished":"2025-01-09T16:44:10+00:00","dateModified":"2025-01-09T16:44:11+00:00","breadcrumb":{"@id":"https:\/\/www.seiu105.org\/aflemailes\/#breadcrumb"},"inLanguage":"es","potentialAction":[{"@type":"ReadAction","target":["https:\/\/www.seiu105.org\/aflemailes\/"]}]},{"@type":"BreadcrumbList","@id":"https:\/\/www.seiu105.org\/aflemailes\/#breadcrumb","itemListElement":[{"@type":"ListItem","position":1,"name":"Home","item":"https:\/\/live-seiu-local-105.pantheonsite.io\/"},{"@type":"ListItem","position":2,"name":"\u00a1GRAN NOTICIA para Nuestra Uni\u00f3n!"}]},{"@type":"WebSite","@id":"https:\/\/live-seiu-local-105.pantheonsite.io\/#website","url":"https:\/\/live-seiu-local-105.pantheonsite.io\/","name":"SEIU Local 105","description":"","publisher":{"@id":"https:\/\/live-seiu-local-105.pantheonsite.io\/#organization"},"potentialAction":[{"@type":"SearchAction","target":{"@type":"EntryPoint","urlTemplate":"https:\/\/live-seiu-local-105.pantheonsite.io\/?s={search_term_string}"},"query-input":{"@type":"PropertyValueSpecification","valueRequired":true,"valueName":"search_term_string"}}],"inLanguage":"es"},{"@type":"Organization","@id":"https:\/\/live-seiu-local-105.pantheonsite.io\/#organization","name":"SEIU Local 105","url":"https:\/\/live-seiu-local-105.pantheonsite.io\/","logo":{"@type":"ImageObject","inLanguage":"es","@id":"https:\/\/live-seiu-local-105.pantheonsite.io\/#\/schema\/logo\/image\/","url":"https:\/\/live-seiu-local-105.pantheonsite.io\/wp-content\/uploads\/2019\/08\/seiu105-logo-box.jpg","contentUrl":"https:\/\/live-seiu-local-105.pantheonsite.io\/wp-content\/uploads\/2019\/08\/seiu105-logo-box.jpg","width":1500,"height":1500,"caption":"SEIU Local 105"},"image":{"@id":"https:\/\/live-seiu-local-105.pantheonsite.io\/#\/schema\/logo\/image\/"},"sameAs":["https:\/\/www.facebook.com\/SEIU105","https:\/\/x.com\/SEIU105","https:\/\/www.youtube.com\/channel\/UCi4D3lDRABd_KewLDS74_cQ"]}]}},"_links":{"self":[{"href":"https:\/\/www.seiu105.org\/es\/wp-json\/wp\/v2\/pages\/8687","targetHints":{"allow":["GET"]}}],"collection":[{"href":"https:\/\/www.seiu105.org\/es\/wp-json\/wp\/v2\/pages"}],"about":[{"href":"https:\/\/www.seiu105.org\/es\/wp-json\/wp\/v2\/types\/page"}],"author":[{"embeddable":true,"href":"https:\/\/www.seiu105.org\/es\/wp-json\/wp\/v2\/users\/16"}],"replies":[{"embeddable":true,"href":"https:\/\/www.seiu105.org\/es\/wp-json\/wp\/v2\/comments?post=8687"}],"version-history":[{"count":1,"href":"https:\/\/www.seiu105.org\/es\/wp-json\/wp\/v2\/pages\/8687\/revisions"}],"predecessor-version":[{"id":8688,"href":"https:\/\/www.seiu105.org\/es\/wp-json\/wp\/v2\/pages\/8687\/revisions\/8688"}],"wp:attachment":[{"href":"https:\/\/www.seiu105.org\/es\/wp-json\/wp\/v2\/media?parent=8687"}],"curies":[{"name":"wp","href":"https:\/\/api.w.org\/{rel}","templated":true}]}}